{"id":2,"date":"2021-05-10T14:42:23","date_gmt":"2021-05-10T14:42:23","guid":{"rendered":"http:\/\/167.172.166.52\/?page_id=2"},"modified":"2026-03-02T09:34:16","modified_gmt":"2026-03-02T09:34:16","slug":"ssp-schweizerische-gesellschaft-fuer-parodontologie","status":"publish","type":"page","link":"https:\/\/parodontologie.ch\/fr\/","title":{"rendered":"Retour"},"content":{"rendered":"<div data-elementor-type=\"wp-page\" data-elementor-id=\"2\" data-post-id=\"2\" data-obj-id=\"2\" class=\"elementor elementor-2 dce-elementor-post-2\" data-elementor-post-type=\"page\">\n\t\t\t\t\t\t<section class=\"elementor-section elementor-top-section elementor-element elementor-element-8313350 elementor-section-boxed elementor-section-height-default elementor-section-height-default\" data-id=\"8313350\" data-element_type=\"section\">\n\t\t\t\t\t\t<div class=\"elementor-container elementor-column-gap-default\">\n\t\t\t\t\t<div class=\"elementor-column elementor-col-100 elementor-top-column elementor-element elementor-element-1210019\" data-id=\"1210019\" data-element_type=\"column\">\n\t\t\t<div class=\"elementor-widget-wrap elementor-element-populated\">\n\t\t\t\t\t\t<div class=\"elementor-element elementor-element-1832291 elementor-widget elementor-widget-shortcode\" data-id=\"1832291\" data-element_type=\"widget\" data-widget_type=\"shortcode.default\">\n\t\t\t\t<div class=\"elementor-widget-container\">\n\t\t\t\t\t<div class=\"elementor-shortcode\">\t\t<div data-elementor-type=\"section\" data-elementor-id=\"2569\" data-post-id=\"2\" data-obj-id=\"2\" class=\"elementor elementor-2569 dce-elementor-post-2\" data-elementor-post-type=\"elementor_library\">\n\t\t\t\t\t<section class=\"elementor-section elementor-top-section elementor-element elementor-element-de37d4b first-section-diessp elementor-section-stretched elementor-section-boxed elementor-section-height-default elementor-section-height-default\" data-id=\"de37d4b\" data-element_type=\"section\" id=\"parsectionsShow\" data-settings=\"{&quot;stretch_section&quot;:&quot;section-stretched&quot;}\">\n\t\t\t\t\t\t<div class=\"elementor-container elementor-column-gap-default\">\n\t\t\t\t\t<div class=\"elementor-column elementor-col-100 elementor-top-column elementor-element elementor-element-372a7c7\" data-id=\"372a7c7\" data-element_type=\"column\">\n\t\t\t<div class=\"elementor-widget-wrap elementor-element-populated\">\n\t\t\t\t\t\t<div class=\"elementor-element elementor-element-ab4d508 elementor-widget elementor-widget-dce-acf-repeater-v2\" data-id=\"ab4d508\" data-element_type=\"widget\" data-settings=\"{&quot;dce_acf_repeater_format&quot;:&quot;grid&quot;}\" data-widget_type=\"dce-acf-repeater-v2.default\">\n\t\t\t\t<div class=\"elementor-widget-container\">\n\t\t\t<div class=\"dce-acf-repeater\"><div class=\"dce-acf-repeater-grid\"><div class=\"dce-acf-repeater-item\"><div class=\"diessp-sections Right\">\n    <div class=\"section-item-left\">\n        <h3>Qu'est-ce que la parodontite ?<\/h3>\n        <p><p style = \"font-weight: normal!important;\">La parodontite est l'une des maladies chroniques les plus r\u00e9pandues au monde. Elle concerne pr\u00e8s de 40 % de la population. Cette maladie a un impact s\u00e9rieux sur la sant\u00e9.<br \/>\nLa parodontite peut toutefois \u00eatre enray\u00e9e si elle est d\u00e9tect\u00e9e \u00e0 temps et trait\u00e9e par des soins m\u00e9dicaux-dentaires. Ici, vous y apprendrez tout sur les causes, les cons\u00e9quences, le diagnostic, la th\u00e9rapie et la pr\u00e9vention de la parodontite.<\/p>\n<style>\n.elementor-2 .elementor-element.elementor-element-9015d24 .events-title h1 {\nfont-family: \"Titillium Web\";\nfont-size: 36px;\nfont-weight: normal;\n}\n<\/style>\n<\/p>\n        <a target=\"_self\" class=\"Yes\" href=\"https:\/\/parodontologie.ch\/fr\/fuer-betroffene\/\">En savoir plus<\/a>\n    <\/div>\n    <div class=\"section-item-right\">\n        <div class=\"no-image-border\"><\/div>\n        <img decoding=\"async\" class=\"Contain imgno-image-border\" src=\"https:\/\/parodontologie.ch\/wp-content\/uploads\/2021\/07\/3_00_folgen_d.jpg\" width=\"100%\" height=\"100%\" \/>\n    <\/div>\n<\/div><\/div><div class=\"dce-acf-repeater-item\"><div class=\"diessp-sections Left\">\n    <div class=\"section-item-left\">\n        <h3>La SSP<\/h3>\n        <p><p style = \"font-weight: normal!important;\">La Soci\u00e9t\u00e9 Suisse de Parodontologie SSP est une soci\u00e9t\u00e9 de discipline m\u00e9dicale regroupant des m\u00e9decins-dentistes et des hygi\u00e9niste-dentaires.<br \/>\nElle a pour but de promouvoir la sant\u00e9 parodontale dans la pratique, l'enseignement et  la recherche ainsi qu'aupr\u00e8s du grand public.  Elle travaille en r\u00e9seau avec d'autres organisations et promeut plus particuli\u00e8rement une sant\u00e9 bucco-dentaire durable.<\/p>\n<\/p>\n        <a target=\"_blank\" class=\"Yes\" href=\"https:\/\/mein.fairgate.ch\/ssp\/register\/MTQ4MTE=\">Adh\u00e9rez maintenant<\/a>\n    <\/div>\n    <div class=\"section-item-right\">\n        <div class=\"no-image-border\"><\/div>\n        <img decoding=\"async\" class=\"Contain imgno-image-border\" src=\"https:\/\/parodontologie.ch\/wp-content\/uploads\/2021\/08\/5_07_wer_behandelt_d.jpg\" width=\"100%\" height=\"100%\" \/>\n    <\/div>\n<\/div><\/div><\/div><\/div>\t\t<\/div>\n\t\t\t\t<\/div>\n\t\t\t\t\t<\/div>\n\t\t<\/div>\n\t\t\t\t\t<\/div>\n\t\t<\/section>\n\t\t\t\t<\/div>\n\t\t<\/div>\n\t\t\t\t<\/div>\n\t\t\t\t<\/div>\n\t\t\t\t\t<\/div>\n\t\t<\/div>\n\t\t\t\t\t<\/div>\n\t\t<\/section>\n\t\t\t\t<section class=\"elementor-section elementor-top-section elementor-element elementor-element-5eb6b09 elementor-section-boxed elementor-section-height-default elementor-section-height-default\" data-id=\"5eb6b09\" data-element_type=\"section\">\n\t\t\t\t\t\t<div class=\"elementor-container elementor-column-gap-default\">\n\t\t\t\t\t<div class=\"elementor-column elementor-col-100 elementor-top-column elementor-element elementor-element-f6447cb\" data-id=\"f6447cb\" data-element_type=\"column\">\n\t\t\t<div class=\"elementor-widget-wrap elementor-element-populated\">\n\t\t\t\t\t\t<div class=\"elementor-element elementor-element-ae0b508 elementor-widget elementor-widget-shortcode\" data-id=\"ae0b508\" data-element_type=\"widget\" data-widget_type=\"shortcode.default\">\n\t\t\t\t<div class=\"elementor-widget-container\">\n\t\t\t\t\t<div class=\"elementor-shortcode\">\t\t<div data-elementor-type=\"section\" data-elementor-id=\"2368\" data-post-id=\"2\" data-obj-id=\"2\" class=\"elementor elementor-2368 dce-elementor-post-2\" data-elementor-post-type=\"elementor_library\">\n\t\t\t\t\t<section class=\"elementor-section elementor-top-section elementor-element elementor-element-4f333cf elementor-section-height-min-height elementor-section-stretched elementor-section-boxed elementor-section-height-default elementor-section-items-middle ctaPurple\" data-id=\"4f333cf\" data-element_type=\"section\" id=\"ctaShow\" data-settings=\"{&quot;background_background&quot;:&quot;classic&quot;,&quot;stretch_section&quot;:&quot;section-stretched&quot;}\">\n\t\t\t\t\t\t<div class=\"elementor-container elementor-column-gap-default\">\n\t\t\t\t\t<div class=\"elementor-column elementor-col-50 elementor-top-column elementor-element elementor-element-2544e6c\" data-id=\"2544e6c\" data-element_type=\"column\">\n\t\t\t<div class=\"elementor-widget-wrap elementor-element-populated\">\n\t\t\t\t\t\t<div class=\"elementor-element elementor-element-24bdb89 elementor-widget elementor-widget-heading\" data-id=\"24bdb89\" data-element_type=\"widget\" data-widget_type=\"heading.default\">\n\t\t\t\t<div class=\"elementor-widget-container\">\n\t\t\t<h2 class=\"elementor-heading-title elementor-size-default\">Soutenez-nous! Votre propre travail au quotidien gagnera en efficacit\u00e9.<\/h2>\t\t<\/div>\n\t\t\t\t<\/div>\n\t\t\t\t<div class=\"elementor-element elementor-element-0fbcde1 elementor-mobile-align-center become-member-button2external-link elementor-widget elementor-widget-button\" data-id=\"0fbcde1\" data-element_type=\"widget\" id=\"become-member-button2\" data-widget_type=\"button.default\">\n\t\t\t\t<div class=\"elementor-widget-container\">\n\t\t\t\t\t<div class=\"elementor-button-wrapper\">\n\t\t\t<a class=\"elementor-button elementor-button-link elementor-size-sm\" href=\"https:\/\/parodontologie.ch\/wp-content\/uploads\/2021\/06\/sample.pdf\" target=\"_blank\">\n\t\t\t\t\t\t<span class=\"elementor-button-content-wrapper\">\n\t\t\t\t\t\t\t\t\t<span class=\"elementor-button-text\">En savoir plus<\/span>\n\t\t\t\t\t<\/span>\n\t\t\t\t\t<\/a>\n\t\t<\/div>\n\t\t\t\t<\/div>\n\t\t\t\t<\/div>\n\t\t\t\t<div class=\"elementor-element elementor-element-9371ff7 elementor-mobile-align-center become-member-buttonexternal-link elementor-widget elementor-widget-button\" data-id=\"9371ff7\" data-element_type=\"widget\" id=\"become-member-button\" data-widget_type=\"button.default\">\n\t\t\t\t<div class=\"elementor-widget-container\">\n\t\t\t\t\t<div class=\"elementor-button-wrapper\">\n\t\t\t<a class=\"elementor-button elementor-button-link elementor-size-sm\" href=\"https:\/\/parodontologie.ch\/fr\/cabinets\/\" target=\"_blank\">\n\t\t\t\t\t\t<span class=\"elementor-button-content-wrapper\">\n\t\t\t\t\t\t\t\t\t<span class=\"elementor-button-text\">En savoir plus<\/span>\n\t\t\t\t\t<\/span>\n\t\t\t\t\t<\/a>\n\t\t<\/div>\n\t\t\t\t<\/div>\n\t\t\t\t<\/div>\n\t\t\t\t<div class=\"elementor-element elementor-element-a2e87f3 elementor-mobile-align-center become-member-button3external-link elementor-widget elementor-widget-button\" data-id=\"a2e87f3\" data-element_type=\"widget\" id=\"become-member-button3\" data-widget_type=\"button.default\">\n\t\t\t\t<div class=\"elementor-widget-container\">\n\t\t\t\t\t<div class=\"elementor-button-wrapper\">\n\t\t\t<a class=\"elementor-button elementor-button-link elementor-size-sm\" href=\"http:\/\/167.172.166.52\/fuer-praxen\/\">\n\t\t\t\t\t\t<span class=\"elementor-button-content-wrapper\">\n\t\t\t\t\t\t\t\t\t<span class=\"elementor-button-text\">En savoir plus<\/span>\n\t\t\t\t\t<\/span>\n\t\t\t\t\t<\/a>\n\t\t<\/div>\n\t\t\t\t<\/div>\n\t\t\t\t<\/div>\n\t\t\t\t\t<\/div>\n\t\t<\/div>\n\t\t\t\t<div class=\"elementor-column elementor-col-50 elementor-top-column elementor-element elementor-element-5fe8978\" data-id=\"5fe8978\" data-element_type=\"column\" data-settings=\"{&quot;background_background&quot;:&quot;classic&quot;}\">\n\t\t\t<div class=\"elementor-widget-wrap elementor-element-populated\">\n\t\t\t\t\t\t<div class=\"elementor-element elementor-element-359403f dce_masking-none ctabackgroundimageNone elementor-widget elementor-widget-image\" data-id=\"359403f\" data-element_type=\"widget\" data-widget_type=\"image.default\">\n\t\t\t\t<div class=\"elementor-widget-container\">\n\t\t\t\t\t\t\t\t\t\t\t\t\t<img fetchpriority=\"high\" decoding=\"async\" width=\"469\" height=\"528\" src=\"https:\/\/parodontologie.ch\/wp-content\/uploads\/2021\/06\/Vector-4.png\" class=\"attachment-large size-large wp-image-470\" alt=\"\" srcset=\"https:\/\/parodontologie.ch\/wp-content\/uploads\/2021\/06\/Vector-4.png 469w, https:\/\/parodontologie.ch\/wp-content\/uploads\/2021\/06\/Vector-4-266x300.png 266w, https:\/\/parodontologie.ch\/wp-content\/uploads\/2021\/06\/Vector-4-11x12.png 11w\" sizes=\"(max-width: 469px) 100vw, 469px\" \/>\t\t\t\t\t\t\t\t\t\t\t\t\t<\/div>\n\t\t\t\t<\/div>\n\t\t\t\t<div class=\"elementor-element elementor-element-d1410f8 dce_masking-none ctaimagestyleRounded elementor-widget elementor-widget-image\" data-id=\"d1410f8\" data-element_type=\"widget\" id=\"image-container-cta\" data-widget_type=\"image.default\">\n\t\t\t\t<div class=\"elementor-widget-container\">\n\t\t\t\t\t\t\t\t\t\t\t\t\t<img decoding=\"async\" width=\"251\" height=\"251\" src=\"https:\/\/parodontologie.ch\/wp-content\/uploads\/2021\/08\/210825_icons_Zeitgewinn_v3.png\" class=\"attachment-large size-large wp-image-3828\" alt=\"\" srcset=\"https:\/\/parodontologie.ch\/wp-content\/uploads\/2021\/08\/210825_icons_Zeitgewinn_v3.png 251w, https:\/\/parodontologie.ch\/wp-content\/uploads\/2021\/08\/210825_icons_Zeitgewinn_v3-150x150.png 150w, https:\/\/parodontologie.ch\/wp-content\/uploads\/2021\/08\/210825_icons_Zeitgewinn_v3-12x12.png 12w\" sizes=\"(max-width: 251px) 100vw, 251px\" \/>\t\t\t\t\t\t\t\t\t\t\t\t\t<\/div>\n\t\t\t\t<\/div>\n\t\t\t\t\t<\/div>\n\t\t<\/div>\n\t\t\t\t\t<\/div>\n\t\t<\/section>\n\t\t\t\t<\/div>\n\t\t<\/div>\n\t\t\t\t<\/div>\n\t\t\t\t<\/div>\n\t\t\t\t\t<\/div>\n\t\t<\/div>\n\t\t\t\t\t<\/div>\n\t\t<\/section>\n\t\t\t\t<section class=\"elementor-section elementor-top-section elementor-element elementor-element-d9e9a46 elementor-section-boxed elementor-section-height-default elementor-section-height-default\" data-id=\"d9e9a46\" data-element_type=\"section\">\n\t\t\t\t\t\t<div class=\"elementor-container elementor-column-gap-default\">\n\t\t\t\t\t<div class=\"elementor-column elementor-col-100 elementor-top-column elementor-element elementor-element-8cb9680\" data-id=\"8cb9680\" data-element_type=\"column\">\n\t\t\t<div class=\"elementor-widget-wrap elementor-element-populated\">\n\t\t\t\t\t\t<div class=\"elementor-element elementor-element-d176062 elementor-widget elementor-widget-shortcode\" data-id=\"d176062\" data-element_type=\"widget\" data-widget_type=\"shortcode.default\">\n\t\t\t\t<div class=\"elementor-widget-container\">\n\t\t\t\t\t<div class=\"elementor-shortcode\">\t\t<div data-elementor-type=\"section\" data-elementor-id=\"2480\" data-post-id=\"2\" data-obj-id=\"2\" class=\"elementor elementor-2480 dce-elementor-post-2\" data-elementor-post-type=\"elementor_library\">\n\t\t\t\t\t<section class=\"elementor-section elementor-top-section elementor-element elementor-element-4170573 elementor-section-boxed elementor-section-height-default elementor-section-height-default preiseYes\" data-id=\"4170573\" data-element_type=\"section\" id=\"preise-testimonials\">\n\t\t\t\t\t\t<div class=\"elementor-container elementor-column-gap-default\">\n\t\t\t\t\t<div class=\"elementor-column elementor-col-100 elementor-top-column elementor-element elementor-element-c894b9f\" data-id=\"c894b9f\" data-element_type=\"column\">\n\t\t\t<div class=\"elementor-widget-wrap elementor-element-populated\">\n\t\t\t\t\t\t<div class=\"elementor-element elementor-element-4cc4678 elementor-widget elementor-widget-dce-acf-repeater-v2\" data-id=\"4cc4678\" data-element_type=\"widget\" data-settings=\"{&quot;dce_acf_repeater_format&quot;:&quot;slider_carousel&quot;,&quot;grabCursor&quot;:&quot;yes&quot;,&quot;effects&quot;:&quot;slide&quot;,&quot;slidesPerView&quot;:&quot;1&quot;,&quot;slidesColumn&quot;:&quot;1&quot;,&quot;slidesPerGroup&quot;:1,&quot;direction_slider&quot;:&quot;horizontal&quot;,&quot;speed_slider&quot;:300,&quot;spaceBetween&quot;:0,&quot;useNavigation&quot;:&quot;yes&quot;,&quot;usePagination&quot;:&quot;yes&quot;,&quot;pagination_type&quot;:&quot;bullets&quot;,&quot;autoplayDisableOnInteraction&quot;:&quot;yes&quot;}\" data-widget_type=\"dce-acf-repeater-v2.default\">\n\t\t\t\t<div class=\"elementor-widget-container\">\n\t\t\t<div class=\"dce-acf-repeater\"><div class=\"dce-acf-repeater-slider_carousel swiper-container swiper-container-horizontal\" counter-id=\"2\"><div class=\"swiper-wrapper\"><div class=\"dce-acf-repeater-item swiper-slide\"><div class=\"preise-testimonials\">\n    <div class=\"image-container\">\n        <img decoding=\"async\" src=\"https:\/\/parodontologie.ch\/wp-content\/uploads\/2021\/09\/Bild6.jpg\" \/>\n    <\/div>\n    <div class=\"citation-container\">\n        <h3><p>Le traitement des parodontites exige une grande expertise. Les congr\u00e8s et le Bulletin d'information de la SSP m'apportent des informations importantes sur les derniers acquis de la recherche et les nouvelles approches th\u00e9rapeutiques<\/p>\n<\/h3>\n        <p>Dr. med. dent. Bettina Schlegel<br>Sp\u00e9cialiste en parodontologie, Saint-Gall<\/p>\n    <\/div>\n<\/div><\/div><div class=\"dce-acf-repeater-item swiper-slide\"><div class=\"preise-testimonials\">\n    <div class=\"image-container\">\n        <img decoding=\"async\" src=\"https:\/\/parodontologie.ch\/wp-content\/uploads\/2021\/09\/Bild3.jpg\" \/>\n    <\/div>\n    <div class=\"citation-container\">\n        <h3><p>Les maladies des gencives sont r\u00e9pandues dans le monde entier. En tant que membre de la SSP, j\u2019ai acc\u00e8s aux derniers r\u00e9sultats de la recherche et je suis au fait des avanc\u00e9es les plus r\u00e9centes.<\/p>\n<\/h3>\n        <p>Dr. med. dent. Sabrina Stuck<br>Sp\u00e9cialiste en parodontologie, Cabinet dentaire medi, Berne<\/p>\n    <\/div>\n<\/div><\/div><\/div><\/div><div class=\"swiper-container-horizontal\"><div class=\"swiper-pagination pagination-4cc4678 pagination-2\"><\/div><\/div><div class=\"swiper-button-prev prev-4cc4678 prev-2\"><svg version=\"1.1\" xmlns=\"http:\/\/www.w3.org\/2000\/svg\" xmlns:xlink=\"http:\/\/www.w3.org\/1999\/xlink\" x=\"0px\" y=\"0px\"\n\t\t\t\t\t\t\t\t\t\t\twidth=\"85.039px\" height=\"85.039px\" viewbox=\"378.426 255.12 85.039 85.039\" enable-background=\"new 378.426 255.12 85.039 85.039\"\n\t\t\t\t\t\t\t\t\t\t\txml:space=\"preserve\">\n\t\t\t\t\t\t\t\t\t\t\t<line fill=\"none\" stroke=\"#000000\" stroke-width=\"1.3845\" stroke-dasharray=\"0,0\" stroke-miterlimit=\"10\" x1=\"382.456\" y1=\"298.077\" x2=\"458.375\" y2=\"298.077\"\/>\n\t\t\t\t\t\t\t\t\t\t\t<polyline fill=\"none\" stroke=\"#000000\" stroke-width=\"1.3845\" stroke-dasharray=\"0,0\" stroke-miterlimit=\"10\" points=\"416.287,331.909 382.456,298.077\t\t\t\t\t\t\t\t\t\t\t416.287,264.245 \"\/>\n\t\t\t\t\t\t\t\t\t\t\t<\/svg><\/div><div class=\"swiper-button-next next-4cc4678 next-2\"><svg version=\"1.1\" xmlns=\"http:\/\/www.w3.org\/2000\/svg\" xmlns:xlink=\"http:\/\/www.w3.org\/1999\/xlink\" x=\"0px\" y=\"0px\"\n\t\t\t\t\t\t\t\t\t\t\twidth=\"85.039px\" height=\"85.039px\" viewbox=\"378.426 255.12 85.039 85.039\" enable-background=\"new 378.426 255.12 85.039 85.039\"\n\t\t\t\t\t\t\t\t\t\t\txml:space=\"preserve\">\n\t\t\t\t\t\t\t\t\t\t\t<line fill=\"none\" stroke=\"#000000\" stroke-width=\"1.3845\" stroke-miterlimit=\"10\" x1=\"458.375\" y1=\"298.077\" x2=\"382.456\" y2=\"298.077\"\/>\n\t\t\t\t\t\t\t\t\t\t\t<polyline fill=\"none\" stroke=\"#000000\" stroke-width=\"1.3845\" stroke-miterlimit=\"10\" points=\"424.543,264.245 458.375,298.077\t\t\t\t\t\t\t\t\t\t\t424.543,331.909 \"\/>\n\t\t\t\t\t\t\t\t\t\t\t<\/svg><\/div><\/div>\t\t<\/div>\n\t\t\t\t<\/div>\n\t\t\t\t\t<\/div>\n\t\t<\/div>\n\t\t\t\t\t<\/div>\n\t\t<\/section>\n\t\t\t\t<\/div>\n\t\t<\/div>\n\t\t\t\t<\/div>\n\t\t\t\t<\/div>\n\t\t\t\t\t<\/div>\n\t\t<\/div>\n\t\t\t\t\t<\/div>\n\t\t<\/section>\n\t\t\t\t<section class=\"elementor-section elementor-top-section elementor-element elementor-element-1a74d3b elementor-section-stretched elementor-section-boxed elementor-section-height-default elementor-section-height-default\" data-id=\"1a74d3b\" data-element_type=\"section\" data-settings=\"{&quot;stretch_section&quot;:&quot;section-stretched&quot;}\">\n\t\t\t\t\t\t<div class=\"elementor-container elementor-column-gap-default\">\n\t\t\t\t\t<div class=\"elementor-column elementor-col-100 elementor-top-column elementor-element elementor-element-419c34b\" data-id=\"419c34b\" data-element_type=\"column\">\n\t\t\t<div class=\"elementor-widget-wrap elementor-element-populated\">\n\t\t\t\t\t\t<div class=\"elementor-element elementor-element-9015d24 elementor-widget elementor-widget-paradontology-category-events-custom-widget\" data-id=\"9015d24\" data-element_type=\"widget\" data-widget_type=\"paradontology-category-events-custom-widget.default\">\n\t\t\t\t<div class=\"elementor-widget-container\">\n\t\t\t\n        <div class=\"events-container\">\n\n            <div class=\"events-header\">\n                <div class=\"events-title\">\n                    <h1>Manifestations<\/h1>\n                <\/div>\n            <\/div>\n\n            <div class=\"events-wrapper\">\n                \n                    \n                        <article class=\"event-wrapper\" id=\"post-7846\">\n\n                            <div class=\"article-thumbnail\">\n                                                                    <img decoding=\"async\" alt=\"Prophylaxe & Pr\u00e4vention 1.0\" src=\"https:\/\/parodontologie.ch\/wp-content\/uploads\/2025\/09\/Slide1.png\"\/>\n                                                            <\/div>\n\n                            <div class=\"article-content\">\n                                <div class=\"article-title\">\n                                    <h2>Prophylaxe & Pr\u00e4vention 1.0<\/h2>\n                                <\/div>\n                                <div class=\"article-date\">\n                                    <div class=\"event-dates-wrapper\">\n                                                                                                                        <span class=\"part-action-info-time end-time\">12. mars 2026<\/span>\n                                    <\/div>\n                                <\/div>\n                                <div class=\"article-text\">\n                                    <p>Eine Fortbildung der SSP und SSPRE mit konkreten Impulsen f\u00fcr das ganze Praxisteam<\/p>\n                                <\/div>\n                                <div class=\"article-link\">\n                                    <i class=\"fas fa-long-arrow-alt-right\"><\/i>\n                                    <a href=\"https:\/\/parodontologie.ch\/fr\/events\/prophylaxe-praevention-1-0\/\">En savoir plus<\/a>\n                                <\/div>\n                            <\/div>\n\n                        <\/article>\n\n                    \n                        <article class=\"event-wrapper\" id=\"post-7964\">\n\n                            <div class=\"article-thumbnail\">\n                                                                    <img decoding=\"async\" alt=\"Webinar \"the periodontal disease crises\"\" src=\"https:\/\/parodontologie.ch\/wp-content\/uploads\/2025\/10\/Picture1_sdsa.jpg\"\/>\n                                                            <\/div>\n\n                            <div class=\"article-content\">\n                                <div class=\"article-title\">\n                                    <h2>Webinar \"The periodontal disease crises\"<\/h2>\n                                <\/div>\n                                <div class=\"article-date\">\n                                    <div class=\"event-dates-wrapper\">\n                                                                                                                        <span class=\"part-action-info-time end-time\">19. mars 2026<\/span>\n                                    <\/div>\n                                <\/div>\n                                <div class=\"article-text\">\n                                    <p>The periodontal disease crises<\/p>\n                                <\/div>\n                                <div class=\"article-link\">\n                                    <i class=\"fas fa-long-arrow-alt-right\"><\/i>\n                                    <a href=\"https:\/\/parodontologie.ch\/fr\/events\/webinar-the-periodontal-disease-crises\/\">En savoir plus<\/a>\n                                <\/div>\n                            <\/div>\n\n                        <\/article>\n\n                    \n                        <article class=\"event-wrapper\" id=\"post-7958\">\n\n                            <div class=\"article-thumbnail\">\n                                                                    <img decoding=\"async\" alt=\"55. Jahrestagung SSP - Lausanne\" src=\"https:\/\/parodontologie.ch\/wp-content\/uploads\/2026\/02\/Bild-Lausanne.png\"\/>\n                                                            <\/div>\n\n                            <div class=\"article-content\">\n                                <div class=\"article-title\">\n                                    <h2>55. Jahrestagung SSP - Lausanne<\/h2>\n                                <\/div>\n                                <div class=\"article-date\">\n                                    <div class=\"event-dates-wrapper\">\n                                                                                                                            <span class=\"part-action-info-time start-time\">10.<\/span> -\n                                                                                <span class=\"part-action-info-time end-time\">11. septembre 2026<\/span>\n                                    <\/div>\n                                <\/div>\n                                <div class=\"article-text\">\n                                    <p>La parodontologie, cl\u00e9 de vo\u00fbte de la multidisciplinarit\u00e9<\/p>\n                                <\/div>\n                                <div class=\"article-link\">\n                                    <i class=\"fas fa-long-arrow-alt-right\"><\/i>\n                                    <a href=\"https:\/\/parodontologie.ch\/fr\/events\/55-ssp-jahrestagung-11-12-09-2026-lausanne\/\">En savoir plus<\/a>\n                                <\/div>\n                            <\/div>\n\n                        <\/article>\n\n                                                <\/div>\n\n\n            <!-- If we need navigation buttons -->\n            <div class=\"ew-arrows ew-arrow-prev\"><i class=\"fas fa-arrow-alt-circle-right\"><\/i><\/div>\n            <div class=\"ew-arrows ew-arrow-next\"><i class=\"fas fa-arrow-alt-circle-left\"><\/i><\/div>\n        <\/div>\n\n        \t\t<\/div>\n\t\t\t\t<\/div>\n\t\t\t\t\t<\/div>\n\t\t<\/div>\n\t\t\t\t\t<\/div>\n\t\t<\/section>\n\t\t\t\t<section data-dce-background-color=\"#F7F7F9\" class=\"elementor-section elementor-top-section elementor-element elementor-element-daeffb7 elementor-section-stretched elementor-section-boxed elementor-section-height-default elementor-section-height-default\" data-id=\"daeffb7\" data-element_type=\"section\" data-settings=\"{&quot;background_background&quot;:&quot;classic&quot;,&quot;stretch_section&quot;:&quot;section-stretched&quot;}\">\n\t\t\t\t\t\t<div class=\"elementor-container elementor-column-gap-default\">\n\t\t\t\t\t<div class=\"elementor-column elementor-col-100 elementor-top-column elementor-element elementor-element-c097f08\" data-id=\"c097f08\" data-element_type=\"column\">\n\t\t\t<div class=\"elementor-widget-wrap elementor-element-populated\">\n\t\t\t\t\t\t<div class=\"elementor-element elementor-element-6fd1874 elementor-widget elementor-widget-paradontology-category-news\" data-id=\"6fd1874\" data-element_type=\"widget\" data-widget_type=\"paradontology-category-news.default\">\n\t\t\t\t<div class=\"elementor-widget-container\">\n\t\t\t\n        <div class=\"articles-container\">\n\n            <div class=\"articles-header\">\n                <div class=\"articles-title\">\n                    <h1>Actualit\u00e9s<\/h1>\n                <\/div>\n                <div class=\"articles-search\">\n                    <input type=\"hidden\" name=\"articles_search\" id=\"articles_search\" placeholder=\"Chercher\">\n                    <label for=\"articles_search\"><\/label>\n\n                    <input type=\"hidden\" name=\"news_per_page\" id=\"news_per_page\" value=\"2\">\n                    <input type=\"hidden\" name=\"news_order\" id=\"news_order\" value=\"DESC\">\n                    <input type=\"hidden\" name=\"news_order_by\" id=\"news_order_by\" value=\"date\">\n                <\/div>\n            <\/div>\n\n            <div class=\"articles-wrapper\">\n                \n                    \n                        \n                        <article id=\"post-7987\">\n\n                            \n                            <div class=\"article-header\">\n                                <img decoding=\"async\" width=\"1568\" height=\"882\" src=\"https:\/\/parodontologie.ch\/wp-content\/uploads\/2026\/03\/WhatsApp-Image-2026-03-13-at-09.01.37-1-1568x882.jpeg\" class=\"attachment-post-thumbnail size-post-thumbnail wp-post-image\" alt=\"\" srcset=\"https:\/\/parodontologie.ch\/wp-content\/uploads\/2026\/03\/WhatsApp-Image-2026-03-13-at-09.01.37-1-1568x882.jpeg 1568w, https:\/\/parodontologie.ch\/wp-content\/uploads\/2026\/03\/WhatsApp-Image-2026-03-13-at-09.01.37-1-300x169.jpeg 300w, https:\/\/parodontologie.ch\/wp-content\/uploads\/2026\/03\/WhatsApp-Image-2026-03-13-at-09.01.37-1-1024x576.jpeg 1024w, https:\/\/parodontologie.ch\/wp-content\/uploads\/2026\/03\/WhatsApp-Image-2026-03-13-at-09.01.37-1-768x432.jpeg 768w, https:\/\/parodontologie.ch\/wp-content\/uploads\/2026\/03\/WhatsApp-Image-2026-03-13-at-09.01.37-1-1536x864.jpeg 1536w, https:\/\/parodontologie.ch\/wp-content\/uploads\/2026\/03\/WhatsApp-Image-2026-03-13-at-09.01.37-1-18x10.jpeg 18w, https:\/\/parodontologie.ch\/wp-content\/uploads\/2026\/03\/WhatsApp-Image-2026-03-13-at-09.01.37-1.jpeg 2048w\" sizes=\"(max-width: 1568px) 100vw, 1568px\" \/>\n                                <div class=\"article-title\">\n                                    <h2>Prophylaxie et pr\u00e9vention \u2013 une journ\u00e9e de formation continue pour l'ensemble de l'\u00e9quipe du cabinet<\/h2>\n                                <\/div>\n                            <\/div>\n                            <div class=\"article-body\">\n                                <p>La premi\u00e8re \u00e9dition de la formation continue \u00ab P&amp;P \u2013 Prophylaxie &amp; Pr\u00e9vention 1.0 \u00bb \u00e0 Sursee a suscit\u00e9 un vif int\u00e9r\u00eat : cet \u00e9v\u00e9nement organis\u00e9 conjointement par la SSP et la SSPRE a affich\u00e9 complet avec 250 participants. Ce nouveau format s'adresse d\u00e9lib\u00e9r\u00e9ment \u00e0 l'ensemble de l'\u00e9quipe du cabinet<\/p>\n                            <\/div>\n                            <div class=\"article-footer\">\n                                <div class=\"artilce-link\">\n                                    <hr \/>\n                                    <a href=\"https:\/\/parodontologie.ch\/fr\/prophylaxe-praevention-ein-fortbildungstag-fuer-das-gesamte-praxisteam\/\">plus<\/a>\n                                <\/div>\n                                <div class=\"article-date\">\n                                    27.03.2026                                <\/div>\n                            <\/div>\n                        <\/article>\n\n                    \n                        \n                        <article id=\"post-8002\">\n\n                            \n                            <div class=\"article-header\">\n                                <img loading=\"lazy\" decoding=\"async\" width=\"1568\" height=\"1176\" src=\"https:\/\/parodontologie.ch\/wp-content\/uploads\/2026\/03\/IMG_8253-1568x1176.jpeg\" class=\"attachment-post-thumbnail size-post-thumbnail wp-post-image\" alt=\"\" srcset=\"https:\/\/parodontologie.ch\/wp-content\/uploads\/2026\/03\/IMG_8253-1568x1176.jpeg 1568w, https:\/\/parodontologie.ch\/wp-content\/uploads\/2026\/03\/IMG_8253-300x225.jpeg 300w, https:\/\/parodontologie.ch\/wp-content\/uploads\/2026\/03\/IMG_8253-1024x768.jpeg 1024w, https:\/\/parodontologie.ch\/wp-content\/uploads\/2026\/03\/IMG_8253-768x576.jpeg 768w, https:\/\/parodontologie.ch\/wp-content\/uploads\/2026\/03\/IMG_8253-1536x1152.jpeg 1536w, https:\/\/parodontologie.ch\/wp-content\/uploads\/2026\/03\/IMG_8253-2048x1536.jpeg 2048w, https:\/\/parodontologie.ch\/wp-content\/uploads\/2026\/03\/IMG_8253-16x12.jpeg 16w\" sizes=\"(max-width: 1568px) 100vw, 1568px\" \/>\n                                <div class=\"article-title\">\n                                    <h2>Aper\u00e7u de la bourse de recherche n\u00b0 1<\/h2>\n                                <\/div>\n                            <\/div>\n                            <div class=\"article-body\">\n                                <p>L'un de mes premiers jours \u00e0 Ann Arbor, alors que je traversais le vaste campus de l'universit\u00e9 du Michigan, un vent froid m'a souffl\u00e9 au visage. Il faisait environ -10 \u00b0C, et le trajet entre les b\u00e2timents m'a sembl\u00e9 nettement plus long que pr\u00e9vu.<\/p>\n                            <\/div>\n                            <div class=\"article-footer\">\n                                <div class=\"artilce-link\">\n                                    <hr \/>\n                                    <a href=\"https:\/\/parodontologie.ch\/fr\/einblick-ins-forschungsstipendium-1\/\">plus<\/a>\n                                <\/div>\n                                <div class=\"article-date\">\n                                    27.03.2026                                <\/div>\n                            <\/div>\n                        <\/article>\n\n                                                <\/div>\n\n            \n            <div class=\"articles-more\">\n                                    <a href=\"\/fr\/news\/\" data-page=\"cancel\">\n                        <span>Afficher plus<\/span>\n                    <\/a>\n                            <\/div>\n\n            \n        <\/div>\n\n\n        \t\t<\/div>\n\t\t\t\t<\/div>\n\t\t\t\t\t<\/div>\n\t\t<\/div>\n\t\t\t\t\t<\/div>\n\t\t<\/section>\n\t\t\t\t<\/div>","protected":false},"excerpt":{"rendered":"<p>Veranstaltungen 55. Jahrestagung SSP &#8211; Lausanne 10. &#8211; 11. September 2026 SSP-Jahrestagung 2026 in Lausanne Mehr erfahren Webinar &#8222;The periodontal disease crises&#8220; 19. M\u00e4rz 2026 The periodontal disease crises Mehr erfahren Prophylaxe &#038; Pr\u00e4vention 1.0 12. M\u00e4rz 2026 Eine Fortbildung der SSP und SSPRE mit konkreten Impulsen f\u00fcr das ganze Praxisteam Mehr erfahren EuroPerio11 15&#8230;. <a href=\"https:\/\/parodontologie.ch\/fr\/\" class=\"excerpt-more\">continue reading.<\/a><\/p>","protected":false},"author":776,"featured_media":6021,"parent":0,"menu_order":0,"comment_status":"closed","ping_status":"closed","template":"","meta":{"_acf_changed":false,"footnotes":""},"class_list":["post-2","page","type-page","status-publish","has-post-thumbnail","hentry"],"acf":[],"yoast_head":"<!-- This site is optimized with the Yoast SEO plugin v27.0 - https:\/\/yoast.com\/product\/yoast-seo-wordpress\/ -->\n<title>Willkommen bei der Schweizerischen Gesellschaft f\u00fcr Parodontologie SSP<\/title>\n<meta name=\"description\" content=\"Die Schweizerische Gesellschaft f\u00fcr Parodontologie SSP f\u00f6rdert die Pr\u00e4vention der parodontalen Gesundheit in Praxis, Lehre und Forschung\" \/>\n<meta name=\"robots\" content=\"index, follow, max-snippet:-1, max-image-preview:large, max-video-preview:-1\" \/>\n<link rel=\"canonical\" href=\"https:\/\/parodontologie.ch\/fr\/\" \/>\n<meta property=\"og:locale\" content=\"fr_FR\" \/>\n<meta property=\"og:type\" content=\"article\" \/>\n<meta property=\"og:title\" content=\"Willkommen bei der Schweizerischen Gesellschaft f\u00fcr Parodontologie SSP\" \/>\n<meta property=\"og:description\" content=\"Die Schweizerische Gesellschaft f\u00fcr Parodontologie SSP f\u00f6rdert die Pr\u00e4vention der parodontalen Gesundheit in Praxis, Lehre und Forschung\" \/>\n<meta property=\"og:url\" content=\"https:\/\/parodontologie.ch\/fr\/\" \/>\n<meta property=\"og:site_name\" content=\"Schweizerische Gesellschaft f\u00fcr Parodontologie: Herzlich willkommen!\" \/>\n<meta property=\"article:modified_time\" content=\"2026-03-02T09:34:16+00:00\" \/>\n<meta property=\"og:image\" content=\"https:\/\/parodontologie.ch\/wp-content\/uploads\/2022\/02\/Logo-SSP.png\" \/>\n\t<meta property=\"og:image:width\" content=\"1662\" \/>\n\t<meta property=\"og:image:height\" content=\"733\" \/>\n\t<meta property=\"og:image:type\" content=\"image\/png\" \/>\n<meta name=\"twitter:card\" content=\"summary_large_image\" \/>\n<meta name=\"twitter:title\" content=\"Willkommen bei der Schweizerischen Gesellschaft f\u00fcr Parodontologie SSP\" \/>\n<meta name=\"twitter:description\" content=\"Die Schweizerische Gesellschaft f\u00fcr Parodontologie SSP f\u00f6rdert die Pr\u00e4vention der parodontalen Gesundheit in Praxis, Lehre und Forschung\" \/>\n<meta name=\"twitter:image\" content=\"https:\/\/parodontologie.ch\/wp-content\/uploads\/2022\/02\/ssp-seo-logo.png\" \/>\n<meta name=\"twitter:label1\" content=\"Dur\u00e9e de lecture estim\u00e9e\" \/>\n\t<meta name=\"twitter:data1\" content=\"7 minutes\" \/>\n<script type=\"application\/ld+json\" class=\"yoast-schema-graph\">{\"@context\":\"https:\/\/schema.org\",\"@graph\":[{\"@type\":\"WebPage\",\"@id\":\"https:\/\/parodontologie.ch\/\",\"url\":\"https:\/\/parodontologie.ch\/\",\"name\":\"Willkommen bei der Schweizerischen Gesellschaft f\u00fcr Parodontologie SSP\",\"isPartOf\":{\"@id\":\"https:\/\/parodontologie.ch\/#website\"},\"primaryImageOfPage\":{\"@id\":\"https:\/\/parodontologie.ch\/#primaryimage\"},\"image\":{\"@id\":\"https:\/\/parodontologie.ch\/#primaryimage\"},\"thumbnailUrl\":\"https:\/\/parodontologie.ch\/wp-content\/uploads\/2022\/02\/ssp-seo-logo.png\",\"datePublished\":\"2021-05-10T14:42:23+00:00\",\"dateModified\":\"2026-03-02T09:34:16+00:00\",\"description\":\"Die Schweizerische Gesellschaft f\u00fcr Parodontologie SSP f\u00f6rdert die Pr\u00e4vention der parodontalen Gesundheit in Praxis, Lehre und Forschung\",\"breadcrumb\":{\"@id\":\"https:\/\/parodontologie.ch\/#breadcrumb\"},\"inLanguage\":\"fr-FR\",\"potentialAction\":[{\"@type\":\"ReadAction\",\"target\":[\"https:\/\/parodontologie.ch\/\"]}]},{\"@type\":\"ImageObject\",\"inLanguage\":\"fr-FR\",\"@id\":\"https:\/\/parodontologie.ch\/#primaryimage\",\"url\":\"https:\/\/parodontologie.ch\/wp-content\/uploads\/2022\/02\/ssp-seo-logo.png\",\"contentUrl\":\"https:\/\/parodontologie.ch\/wp-content\/uploads\/2022\/02\/ssp-seo-logo.png\",\"width\":1818,\"height\":1689},{\"@type\":\"BreadcrumbList\",\"@id\":\"https:\/\/parodontologie.ch\/#breadcrumb\",\"itemListElement\":[{\"@type\":\"ListItem\",\"position\":1,\"name\":\"Home\",\"item\":\"https:\/\/parodontologie.ch\/\"},{\"@type\":\"ListItem\",\"position\":2,\"name\":\"Home\"}]},{\"@type\":\"WebSite\",\"@id\":\"https:\/\/parodontologie.ch\/#website\",\"url\":\"https:\/\/parodontologie.ch\/\",\"name\":\"Schweizerische Gesellschaft f\u00fcr Parodontologie: Herzlich willkommen!\",\"description\":\"Schweizerische Gesellschaft f\u00fcr Parodontologie\",\"publisher\":{\"@id\":\"https:\/\/parodontologie.ch\/#organization\"},\"potentialAction\":[{\"@type\":\"SearchAction\",\"target\":{\"@type\":\"EntryPoint\",\"urlTemplate\":\"https:\/\/parodontologie.ch\/?s={search_term_string}\"},\"query-input\":{\"@type\":\"PropertyValueSpecification\",\"valueRequired\":true,\"valueName\":\"search_term_string\"}}],\"inLanguage\":\"fr-FR\"},{\"@type\":\"Organization\",\"@id\":\"https:\/\/parodontologie.ch\/#organization\",\"name\":\"Schweizerische Gesellschaft f\u00fcr Parodontologie SSP\",\"url\":\"https:\/\/parodontologie.ch\/\",\"logo\":{\"@type\":\"ImageObject\",\"inLanguage\":\"fr-FR\",\"@id\":\"https:\/\/parodontologie.ch\/#\/schema\/logo\/image\/\",\"url\":\"https:\/\/parodontologie.ch\/wp-content\/uploads\/2021\/09\/Logo-SSP.png\",\"contentUrl\":\"https:\/\/parodontologie.ch\/wp-content\/uploads\/2021\/09\/Logo-SSP.png\",\"width\":1662,\"height\":733,\"caption\":\"Schweizerische Gesellschaft f\u00fcr Parodontologie SSP\"},\"image\":{\"@id\":\"https:\/\/parodontologie.ch\/#\/schema\/logo\/image\/\"}}]}<\/script>\n<!-- \/ Yoast SEO plugin. -->","yoast_head_json":{"title":"Bienvenue sur le site de la soci\u00e9t\u00e9 suisse de parodontologie SSP","description":"La Soci\u00e9t\u00e9 Suisse de Parodontologie SSP promeut la pr\u00e9vention de la sant\u00e9 parodontale dans la pratique, l'enseignement et la recherche.","robots":{"index":"index","follow":"follow","max-snippet":"max-snippet:-1","max-image-preview":"max-image-preview:large","max-video-preview":"max-video-preview:-1"},"canonical":"https:\/\/parodontologie.ch\/fr\/","og_locale":"fr_FR","og_type":"article","og_title":"Willkommen bei der Schweizerischen Gesellschaft f\u00fcr Parodontologie SSP","og_description":"Die Schweizerische Gesellschaft f\u00fcr Parodontologie SSP f\u00f6rdert die Pr\u00e4vention der parodontalen Gesundheit in Praxis, Lehre und Forschung","og_url":"https:\/\/parodontologie.ch\/fr\/","og_site_name":"Schweizerische Gesellschaft f\u00fcr Parodontologie: Herzlich willkommen!","article_modified_time":"2026-03-02T09:34:16+00:00","og_image":[{"width":1662,"height":733,"url":"https:\/\/parodontologie.ch\/wp-content\/uploads\/2022\/02\/Logo-SSP.png","type":"image\/png"}],"twitter_card":"summary_large_image","twitter_title":"Willkommen bei der Schweizerischen Gesellschaft f\u00fcr Parodontologie SSP","twitter_description":"Die Schweizerische Gesellschaft f\u00fcr Parodontologie SSP f\u00f6rdert die Pr\u00e4vention der parodontalen Gesundheit in Praxis, Lehre und Forschung","twitter_image":"https:\/\/parodontologie.ch\/wp-content\/uploads\/2022\/02\/ssp-seo-logo.png","twitter_misc":{"Dur\u00e9e de lecture estim\u00e9e":"7 minutes"},"schema":{"@context":"https:\/\/schema.org","@graph":[{"@type":"WebPage","@id":"https:\/\/parodontologie.ch\/","url":"https:\/\/parodontologie.ch\/","name":"Bienvenue sur le site de la soci\u00e9t\u00e9 suisse de parodontologie SSP","isPartOf":{"@id":"https:\/\/parodontologie.ch\/#website"},"primaryImageOfPage":{"@id":"https:\/\/parodontologie.ch\/#primaryimage"},"image":{"@id":"https:\/\/parodontologie.ch\/#primaryimage"},"thumbnailUrl":"https:\/\/parodontologie.ch\/wp-content\/uploads\/2022\/02\/ssp-seo-logo.png","datePublished":"2021-05-10T14:42:23+00:00","dateModified":"2026-03-02T09:34:16+00:00","description":"La Soci\u00e9t\u00e9 Suisse de Parodontologie SSP promeut la pr\u00e9vention de la sant\u00e9 parodontale dans la pratique, l'enseignement et la recherche.","breadcrumb":{"@id":"https:\/\/parodontologie.ch\/#breadcrumb"},"inLanguage":"fr-FR","potentialAction":[{"@type":"ReadAction","target":["https:\/\/parodontologie.ch\/"]}]},{"@type":"ImageObject","inLanguage":"fr-FR","@id":"https:\/\/parodontologie.ch\/#primaryimage","url":"https:\/\/parodontologie.ch\/wp-content\/uploads\/2022\/02\/ssp-seo-logo.png","contentUrl":"https:\/\/parodontologie.ch\/wp-content\/uploads\/2022\/02\/ssp-seo-logo.png","width":1818,"height":1689},{"@type":"BreadcrumbList","@id":"https:\/\/parodontologie.ch\/#breadcrumb","itemListElement":[{"@type":"ListItem","position":1,"name":"Home","item":"https:\/\/parodontologie.ch\/"},{"@type":"ListItem","position":2,"name":"Home"}]},{"@type":"WebSite","@id":"https:\/\/parodontologie.ch\/#website","url":"https:\/\/parodontologie.ch\/","name":"Soci\u00e9t\u00e9 suisse de parodontologie : Bienvenue !","description":"Soci\u00e9t\u00e9 suisse de parodontologie","publisher":{"@id":"https:\/\/parodontologie.ch\/#organization"},"potentialAction":[{"@type":"SearchAction","target":{"@type":"EntryPoint","urlTemplate":"https:\/\/parodontologie.ch\/?s={search_term_string}"},"query-input":{"@type":"PropertyValueSpecification","valueRequired":true,"valueName":"search_term_string"}}],"inLanguage":"fr-FR"},{"@type":"Organization","@id":"https:\/\/parodontologie.ch\/#organization","name":"Soci\u00e9t\u00e9 suisse de parodontologie SSP","url":"https:\/\/parodontologie.ch\/","logo":{"@type":"ImageObject","inLanguage":"fr-FR","@id":"https:\/\/parodontologie.ch\/#\/schema\/logo\/image\/","url":"https:\/\/parodontologie.ch\/wp-content\/uploads\/2021\/09\/Logo-SSP.png","contentUrl":"https:\/\/parodontologie.ch\/wp-content\/uploads\/2021\/09\/Logo-SSP.png","width":1662,"height":733,"caption":"Schweizerische Gesellschaft f\u00fcr Parodontologie SSP"},"image":{"@id":"https:\/\/parodontologie.ch\/#\/schema\/logo\/image\/"}}]}},"_links":{"self":[{"href":"https:\/\/parodontologie.ch\/fr\/wp-json\/wp\/v2\/pages\/2","targetHints":{"allow":["GET"]}}],"collection":[{"href":"https:\/\/parodontologie.ch\/fr\/wp-json\/wp\/v2\/pages"}],"about":[{"href":"https:\/\/parodontologie.ch\/fr\/wp-json\/wp\/v2\/types\/page"}],"author":[{"embeddable":true,"href":"https:\/\/parodontologie.ch\/fr\/wp-json\/wp\/v2\/users\/776"}],"replies":[{"embeddable":true,"href":"https:\/\/parodontologie.ch\/fr\/wp-json\/wp\/v2\/comments?post=2"}],"version-history":[{"count":732,"href":"https:\/\/parodontologie.ch\/fr\/wp-json\/wp\/v2\/pages\/2\/revisions"}],"predecessor-version":[{"id":7983,"href":"https:\/\/parodontologie.ch\/fr\/wp-json\/wp\/v2\/pages\/2\/revisions\/7983"}],"wp:featuredmedia":[{"embeddable":true,"href":"https:\/\/parodontologie.ch\/fr\/wp-json\/wp\/v2\/media\/6021"}],"wp:attachment":[{"href":"https:\/\/parodontologie.ch\/fr\/wp-json\/wp\/v2\/media?parent=2"}],"curies":[{"name":"wp","href":"https:\/\/api.w.org\/{rel}","templated":true}]}}